{"id":1209,"date":"2025-02-13T21:00:19","date_gmt":"2025-02-14T00:00:19","guid":{"rendered":"https:\/\/www.criarsertao.com.br\/?page_id=1209"},"modified":"2025-02-17T11:04:31","modified_gmt":"2025-02-17T14:04:31","slug":"politicadeprivacidade","status":"publish","type":"page","link":"https:\/\/www.anaclise.com.br\/jeremoabo\/politicadeprivacidade\/","title":{"rendered":"Politica de Privacidade"},"content":{"rendered":"\t\t<div data-elementor-type=\"wp-page\" data-elementor-id=\"1209\" class=\"elementor elementor-1209\" data-elementor-settings=\"{&quot;ha_cmc_init_switcher&quot;:&quot;no&quot;}\">\n\t\t\t\t\t\t<section class=\"elementor-section elementor-top-section elementor-element elementor-element-cac6cd6 elementor-section-content-top elementor-section-boxed elementor-section-height-default elementor-section-height-default\" data-id=\"cac6cd6\" data-element_type=\"section\" data-settings=\"{&quot;background_background&quot;:&quot;slideshow&quot;,&quot;background_slideshow_gallery&quot;:[{&quot;id&quot;:1037,&quot;url&quot;:&quot;https:\\\/\\\/www.anaclise.com.br\\\/jeremoabo\\\/wp-content\\\/uploads\\\/2025\\\/02\\\/fachada-scaled.jpg&quot;},{&quot;id&quot;:1038,&quot;url&quot;:&quot;https:\\\/\\\/www.anaclise.com.br\\\/jeremoabo\\\/wp-content\\\/uploads\\\/2025\\\/02\\\/recep-scaled.jpg&quot;},{&quot;id&quot;:1039,&quot;url&quot;:&quot;https:\\\/\\\/www.anaclise.com.br\\\/jeremoabo\\\/wp-content\\\/uploads\\\/2025\\\/02\\\/recep1-scaled.jpg&quot;},{&quot;id&quot;:1040,&quot;url&quot;:&quot;https:\\\/\\\/www.anaclise.com.br\\\/jeremoabo\\\/wp-content\\\/uploads\\\/2025\\\/02\\\/recep2-scaled.jpg&quot;},{&quot;id&quot;:1041,&quot;url&quot;:&quot;https:\\\/\\\/www.anaclise.com.br\\\/jeremoabo\\\/wp-content\\\/uploads\\\/2025\\\/02\\\/recep3-scaled.jpg&quot;}],&quot;background_slideshow_ken_burns&quot;:&quot;yes&quot;,&quot;background_slideshow_slide_transition&quot;:&quot;slide_up&quot;,&quot;background_slideshow_loop&quot;:&quot;yes&quot;,&quot;background_slideshow_slide_duration&quot;:5000,&quot;background_slideshow_transition_duration&quot;:500,&quot;background_slideshow_ken_burns_zoom_direction&quot;:&quot;in&quot;,&quot;_ha_eqh_enable&quot;:false}\">\n\t\t\t\t\t\t<div class=\"elementor-container elementor-column-gap-default\">\n\t\t\t\t\t<div class=\"elementor-column elementor-col-50 elementor-top-column elementor-element elementor-element-dcc83dc elementor-invisible\" data-id=\"dcc83dc\" data-element_type=\"column\" data-settings=\"{&quot;animation&quot;:&quot;fadeInLeft&quot;}\">\n\t\t\t<div class=\"elementor-widget-wrap elementor-element-populated\">\n\t\t\t\t<div class=\"elementor-element elementor-element-d55fe4c e-con-full e-flex e-con e-parent\" data-id=\"d55fe4c\" data-element_type=\"container\" data-settings=\"{&quot;_ha_eqh_enable&quot;:false}\">\n\t\t\t\t<div class=\"elementor-element elementor-element-70eadc2 elementor-widget__width-initial ha-has-bg-overlay elementor-widget elementor-widget-heading\" data-id=\"70eadc2\" data-element_type=\"widget\" data-widget_type=\"heading.default\">\n\t\t\t\t<div class=\"elementor-widget-container\">\n\t\t\t\t\t<h2 class=\"elementor-heading-title elementor-size-default\">Laborat\u00f3rio, Cl\u00ednica e Medicina do Trabalho<\/h2>\t\t\t\t<\/div>\n\t\t\t\t<\/div>\n\t\t\t\t<\/div>\n\t\t<div class=\"elementor-element elementor-element-17d4741 e-flex e-con-boxed e-con e-parent\" data-id=\"17d4741\" data-element_type=\"container\" data-settings=\"{&quot;_ha_eqh_enable&quot;:false}\">\n\t\t\t\t\t<div class=\"e-con-inner\">\n\t\t\t\t<div class=\"elementor-element elementor-element-5ff2b56 ha-has-bg-overlay elementor-widget elementor-widget-heading\" data-id=\"5ff2b56\" data-element_type=\"widget\" data-widget_type=\"heading.default\">\n\t\t\t\t<div class=\"elementor-widget-container\">\n\t\t\t\t\t<h2 class=\"elementor-heading-title elementor-size-default\">Aperfei\u00e7oar e Fazer Sempre o Melhor.<\/h2>\t\t\t\t<\/div>\n\t\t\t\t<\/div>\n\t\t\t\t\t<\/div>\n\t\t\t\t<\/div>\n\t\t\t\t<div class=\"elementor-element elementor-element-b98f281 elementor-widget elementor-widget-button\" data-id=\"b98f281\" data-element_type=\"widget\" data-widget_type=\"button.default\">\n\t\t\t\t<div class=\"elementor-widget-container\">\n\t\t\t\t\t\t\t\t\t<div class=\"elementor-button-wrapper\">\n\t\t\t\t\t<a class=\"elementor-button elementor-button-link elementor-size-lg elementor-animation-float\" href=\"https:\/\/wa.me\/557532031700?text=Ol%C3%A1%2C+vim+pelo+site+da+Cl%C3%ADnica+Anaclise+e+gostaria+de+agendar+uma+consulta+com+um+especialista%21\" target=\"_blank\">\n\t\t\t\t\t\t<span class=\"elementor-button-content-wrapper\">\n\t\t\t\t\t\t<span class=\"elementor-button-icon\">\n\t\t\t\t<svg aria-hidden=\"true\" class=\"e-font-icon-svg e-far-calendar-check\" viewBox=\"0 0 448 512\" xmlns=\"http:\/\/www.w3.org\/2000\/svg\"><path d=\"M400 64h-48V12c0-6.627-5.373-12-12-12h-40c-6.627 0-12 5.373-12 12v52H160V12c0-6.627-5.373-12-12-12h-40c-6.627 0-12 5.373-12 12v52H48C21.49 64 0 85.49 0 112v352c0 26.51 21.49 48 48 48h352c26.51 0 48-21.49 48-48V112c0-26.51-21.49-48-48-48zm-6 400H54a6 6 0 0 1-6-6V160h352v298a6 6 0 0 1-6 6zm-52.849-200.65L198.842 404.519c-4.705 4.667-12.303 4.637-16.971-.068l-75.091-75.699c-4.667-4.705-4.637-12.303.068-16.971l22.719-22.536c4.705-4.667 12.303-4.637 16.97.069l44.104 44.461 111.072-110.181c4.705-4.667 12.303-4.637 16.971.068l22.536 22.718c4.667 4.705 4.636 12.303-.069 16.97z\"><\/path><\/svg>\t\t\t<\/span>\n\t\t\t\t\t\t\t\t\t<span class=\"elementor-button-text\">Agende sua consulta aqui<\/span>\n\t\t\t\t\t<\/span>\n\t\t\t\t\t<\/a>\n\t\t\t\t<\/div>\n\t\t\t\t\t\t\t\t<\/div>\n\t\t\t\t<\/div>\n\t\t\t\t\t<\/div>\n\t\t<\/div>\n\t\t\t\t<div class=\"elementor-column elementor-col-50 elementor-top-column elementor-element elementor-element-e08882d\" data-id=\"e08882d\" data-element_type=\"column\">\n\t\t\t<div class=\"elementor-widget-wrap\">\n\t\t\t\t\t\t\t<\/div>\n\t\t<\/div>\n\t\t\t\t\t<\/div>\n\t\t<\/section>\n\t\t<div class=\"elementor-element elementor-element-8364512 e-flex e-con-boxed e-con e-parent\" data-id=\"8364512\" data-element_type=\"container\" data-settings=\"{&quot;_ha_eqh_enable&quot;:false}\">\n\t\t\t\t\t<div class=\"e-con-inner\">\n\t\t\t\t<div class=\"elementor-element elementor-element-a9102c3 elementor-widget elementor-widget-heading\" data-id=\"a9102c3\" data-element_type=\"widget\" data-widget_type=\"heading.default\">\n\t\t\t\t<div class=\"elementor-widget-container\">\n\t\t\t\t\t<h2 class=\"elementor-heading-title elementor-size-default\">Pol\u00edtica de Privacidade<\/h2>\t\t\t\t<\/div>\n\t\t\t\t<\/div>\n\t\t\t\t<div class=\"elementor-element elementor-element-bfd093c elementor-widget elementor-widget-spacer\" data-id=\"bfd093c\" data-element_type=\"widget\" data-widget_type=\"spacer.default\">\n\t\t\t\t<div class=\"elementor-widget-container\">\n\t\t\t\t\t\t\t<div class=\"elementor-spacer\">\n\t\t\t<div class=\"elementor-spacer-inner\"><\/div>\n\t\t<\/div>\n\t\t\t\t\t\t<\/div>\n\t\t\t\t<\/div>\n\t\t\t\t<div class=\"elementor-element elementor-element-ad1be6b elementor-widget elementor-widget-text-editor\" data-id=\"ad1be6b\" data-element_type=\"widget\" data-widget_type=\"text-editor.default\">\n\t\t\t\t<div class=\"elementor-widget-container\">\n\t\t\t\t\t\t\t\t\t<h6><strong>Introdu\u00e7\u00e3o<\/strong><\/h6><h6>Esta pol\u00edtica de privacidade estabelece o modelo de relacionamento entre a Cl\u00ednica M\u00e9dica Anaclise LTDA, situada na Avenida S\u00e3o Jos\u00e9, N\u00ba40 \u2013 Jeremoabo, Bahia com pessoas no momento em que ocorre a capta\u00e7\u00e3o dos dados pessoais DP, seja por intera\u00e7\u00e3o presencial junto ao titular, seja por intera\u00e7\u00e3o do usu\u00e1rio com o site https:\/\/www.anaclise.com.br\/jeremoabo em todas as suas se\u00e7\u00f5es estabelecendo as regras para a privacidade e a seguran\u00e7a dos dados pessoais utilizados recepcionados nessas intera\u00e7\u00f5es quando atuara como controlador e operador dos dados.<\/h6><h6><strong>Fundamentos\u00a0e Princ\u00edpios\u00a0<\/strong><\/h6><h6>A Cl\u00ednica M\u00e9dica Anaclise LTDA, em conformidade com o artigo 1\u00ba da Lei 13.709\/2018 Lei Geral de Prote\u00e7\u00e3o de Dados os seguintes fundamentos e princ\u00edpios:<\/h6><h6>I &#8211; O respeito a privacidade;<\/h6><h6>\u00a0A autodetermina\u00e7\u00e3o informativa;<\/h6><h6>A liberdade de express\u00e3o, de informa\u00e7\u00e3o, de comunica\u00e7\u00e3o e de opini\u00e3o;<\/h6><h6>A inviolabilidade da intimidade, da honra e da imagem;<\/h6><h6>O desenvolvimento econ\u00f4mico e tecnol\u00f3gico e a inova\u00e7\u00e3o;<\/h6><h6>A livre iniciativa, a livre concorr\u00eancia e a defesa do consumidor;<\/h6><h6>Os direitos humanos, o livre desenvolvimento da personalidade, a dignidade e o exerc\u00edcio da cidadania pelas pessoas naturais.<\/h6><h6><strong>Boa-f\u00e9 e princ\u00edpios<\/strong><\/h6><h6>Com o objetivo de dotar o modelo de controle adequado aos seus fins, a Cl\u00ednica M\u00e9dica Anaclise LTDA considera\u00a0os seguintes princ\u00edpios:<\/h6><h6><strong><b>I &#8211; Finalidade<\/b><\/strong>: realiza\u00e7\u00e3o do tratamento para prop\u00f3sitos leg\u00edtimos, espec\u00edficos, expl\u00edcitos e informados ao titular, sem possibilidade de tratamento posterior de forma incompat\u00edvel com essas finalidades;<\/h6><h6>II &#8211;<strong><b>\u00a0Adequa\u00e7\u00e3o<\/b><\/strong>: compatibilidade do tratamento com as finalidades informadas ao titular, de acordo com o contexto do tratamento;<\/h6><h6>III &#8211; <strong><b>Necessidade<\/b><\/strong>: limita\u00e7\u00e3o do tratamento ao m\u00ednimo necess\u00e1rio para a realiza\u00e7\u00e3o de suas finalidades, com abrang\u00eancia dos dados pertinentes, proporcionais e n\u00e3o excessivos em rela\u00e7\u00e3o as finalidades do tratamento de dados;<\/h6><h6>IV &#8211; <strong><b>Livre acesso<\/b><\/strong>: garantia, aos titulares, de consulta facilitada e gratuita sobre a forma e a drag\u00e3o do tratamento, bem como sobre a integralidade de seus dados pessoais;<\/h6><h6>V &#8211; <strong><b>Qualidade dos dados<\/b><\/strong>: garantia, aos titulares, de exatid\u00e3o, clareza, relev\u00e2ncia e atualiza\u00e7\u00e3o dos dados, de acordo com a necessidade e para o cumprimento da finalidade de seu tratamento;<\/h6><h6>VI \u2013 <strong><b>Transpar\u00eancia<\/b><\/strong>: garantia, aos titulares, de informa\u00e7\u00f5es claras, precisas e facilmente acess\u00edveis sobre a realiza\u00e7\u00e3o do tratamento e os respectivos agentes de tratamento, observados os segredos comercial e industrial;<\/h6><h6>VII &#8211; <strong><b>Seguran\u00e7a:<\/b><\/strong>\u00a0utiliza\u00e7\u00e3o de medidas t\u00e9cnicas e administrativas aptas a proteger os dados pessoais de acessos n\u00e3o autorizados e de situa\u00e7\u00f5es acidentais ou il\u00edcitas de destrui\u00e7\u00e3o, perda, altera\u00e7\u00e3o, comunica\u00e7\u00e3o ou difus\u00e3o;<\/h6><h6>VIII &#8211; <strong><b>Preven\u00e7\u00e3o<\/b><\/strong>: ado\u00e7\u00e3o de medidas para prevenir a ocorr\u00eancia de danos em virtude do tratamento de dados pessoais;<\/h6><h6>IX &#8211; <strong><b>N\u00e3o discrimina\u00e7\u00e3o<\/b><\/strong>: impossibilidade de realiza\u00e7\u00e3o do tratamento para fins discriminat\u00f3rios il\u00edcitos ou abusivos;<\/h6><h6>X &#8211; <strong><b>Responsabiliza\u00e7\u00e3o e presta\u00e7\u00e3o de contas<\/b><\/strong>: demonstra\u00e7\u00e3o, pelo agente, da ado\u00e7\u00e3o de medidas eficazes e capazes de comprovar a observ\u00e2ncia e o cumprimento das normas de prote\u00e7\u00e3o de dados pessoais e, inclusive, da efic\u00e1cia dessas medidas.<\/h6><h6>Requisitos para o tratamento dos Dados Pessoais DP<\/h6><h6>A Cl\u00ednica M\u00e9dica Anaclise LTDA realiza o tratamento de Dados Pessoais DP em conformidade com os seguintes requisitos:<\/h6><h6>I &#8211; Mediante o fornecimento de consentimento pelo titular;<\/h6><h6>II &#8211; Para o cumprimento de obriga\u00e7\u00e3o legal ou regulat\u00f3ria pelo controlador;<\/h6><h6>III \u2013 Atendimento \u00e0 administra\u00e7\u00e3o p\u00fablica, para o tratamento e uso compartilhado de dados necess\u00e1rios a execu\u00e7\u00e3o de pol\u00edticas p\u00fablicas previstas em leis e regulamentos ou respaldadas em contratos, conv\u00eanios ou instrumentos cong\u00eaneres, observadas as disposi\u00e7\u00f5es do Cap\u00edtulo IV desta Lei;<\/h6><h6>IV &#8211; Para a realiza\u00e7\u00e3o de estudos por \u00f3rg\u00e3o de pesquisa, garantida, sempre que poss\u00edvel, a anonimiza\u00e7\u00e3o dos dados pessoais;<\/h6><h6>V &#8211; Quando necess\u00e1rio para a execu\u00e7\u00e3o de contrato ou de procedimentos preliminares relacionados a contrato do qual seja parte o titular, a pedido do titular dos dados;<\/h6><h6>VI &#8211; Para o exerc\u00edcio regular de direitos em processo judicial, administrativa ou arbitral,<\/h6><h6>VII &#8211; para a prote\u00e7\u00e3o da vida ou da incolumidade f\u00edsica do titular ou de terceiros;<\/h6><h6>VIII para a tutela da sa\u00fade, em procedimento realizado por profissionais da \u00e1rea da sa\u00fade ou por entidades sanit\u00e1rias;<\/h6><h6>VIII &#8211; para a tutela da sa\u00fade, exclusivamente, em procedimento realizado por profissionais de sa\u00fade, servi\u00e7os de sa\u00fade ou autoridade sanit\u00e1ria;<\/h6><h6>\u00a0IX &#8211; Quando necess\u00e1rio para atender aos interesses leg\u00edtimos do controlador ou de terceiros, exceto no caso de prevalecerem direitos e liberdades fundamentais do titular que exijam a prote\u00e7\u00e3o dos dados pessoais; ou<\/h6><h6>X &#8211; Para a prote\u00e7\u00e3o do cr\u00e9dito, inclusive quanto ao disposto na legisla\u00e7\u00e3o pertinente.<\/h6><h6>Mediante fornecimento de Consentimento<\/h6><h6>Para atendimento a obriga\u00e7\u00e3o contratual<\/h6><h6>Atendimento a Administra\u00e7\u00e3o P\u00fablica<\/h6><h6>Realiza\u00e7\u00e3o de Pesquisa<\/h6><h6>Atendimento de contrato<\/h6><h6>Para prote\u00e7\u00e3o da vida e integridade do titular<\/h6><h6>Para tutela da sa\u00fade<\/h6><h6>Para tutela da sa\u00fade em procedimento realizado pelo controlado<\/h6><h6>Para atender legitimo interesse<\/h6><h6>Para prote\u00e7\u00e3o ao credito<\/h6><h6><strong>Tratamento dos dados pessoais na intera\u00e7\u00e3o com a Cl\u00ednica M\u00e9dica Anaclise LTDA<\/strong><\/h6><h6>Esta pol\u00edtica de privacidade define as regras para o tratamento das informa\u00e7\u00f5es pessoais coletadas junto \u00e0s pessoas f\u00edsicas a partir da sua intera\u00e7\u00e3o com os processos de gest\u00e3o da Cl\u00ednica M\u00e9dica Anaclise LTDA por meio de relacionamento presencial ou pelas plataformas disponibilizadas na internet e em conformidade com o Artigo 5 da Lei 13.709 Lei Geral Prote\u00e7\u00e3o de Dados LGPD para o tratamento pela Cl\u00ednica M\u00e9dica Anaclise LTDA, como controlador e operador, no que se refere a coleta, produ\u00e7\u00e3o, recep\u00e7\u00e3o classifica\u00e7\u00e3o, utiliza\u00e7\u00e3o, acesso, reprodu\u00e7\u00e3o, transmiss\u00e3o, distribui\u00e7\u00e3o, processamento, arquivamento, armazenamento, elimina\u00e7\u00e3o, avalia\u00e7\u00e3o ou controle da informa\u00e7\u00e3o, modifica\u00e7\u00e3o, comunica\u00e7\u00e3o, transfer\u00eancia, difus\u00e3o ou extra\u00e7\u00e3o.<\/h6><h6>A utiliza\u00e7\u00e3o das funcionalidades e da aceita\u00e7\u00e3o das condi\u00e7\u00f5es de consentimento para a realiza\u00e7\u00e3o do tratamento ser\u00e1 necess\u00e1ria para que o usu\u00e1rio em pleno gozo da sua responsabilidade considere aceita a realiza\u00e7\u00e3o do tratamento.<\/h6><h6><strong>Defini\u00e7\u00e3o de Dados Pessoais \u2013 DP<\/strong><\/h6><h6><strong><b>Dado pessoal<\/b><\/strong>: informa\u00e7\u00e3o relacionada \u00e0 pessoa natural identificada ou identific\u00e1vel, conforme o artigo 5\u00ba da 13.709 de 2019 Lei Geral de Prote\u00e7\u00e3o de Dados.<\/h6><h6><strong>Dados Pessoais coletados e os motivos da coleta<\/strong><\/h6><h6>A coleta dos dados pessoais DP ocorre na intera\u00e7\u00e3o das pessoas com os processos de gerenciamento da Cl\u00ednica M\u00e9dica Analise LTDA que utilizem na execu\u00e7\u00e3o dos seus processos os dados de pessoas f\u00edsicas.<\/h6><h6>Os motivos para a coleta e tratamento dos dados est\u00e3o justificados pelos motivos citados abaixo:<\/h6><h6><strong><b>Relacionamento com o cliente\/paciente<\/b><\/strong><\/h6><h6>Dados para a realiza\u00e7\u00e3o dos exames cl\u00ednicos<\/h6><h6>Dados para a realiza\u00e7\u00e3o de atendimento e consulta<\/h6><h6>Dados no relacionamento eletr\u00f4nico (n\u00famero IP, data e hora do acesso, site, cliques realizados na p\u00e1gina utilizados para avaliar o n\u00edvel de navegabilidade na p\u00e1gina da empresa, tempo de perman\u00eancia e \u00e1reas mais visitadas do site e mensagens eletr\u00f4nicas)<\/h6><h6>Relacionamento para realiza\u00e7\u00e3o de marketing e vendas<\/h6><h6>Utiliza\u00e7\u00e3o dos dados para a realiza\u00e7\u00e3o de pesquisas junto ao cliente\/paciente<\/h6><h6>Dados utiliza\u00e7\u00e3o para a Informa\u00e7\u00e3o junto aos \u00f3rg\u00e3os governamentais<\/h6><h6><strong><b>Relacionamento com o colaborador<\/b><\/strong><\/h6><h6>Dados pessoais para a realiza\u00e7\u00e3o de contrata\u00e7\u00e3o<\/h6><h6>Dados pessoais para a realiza\u00e7\u00e3o de pagamentos<\/h6><h6>Dados pessoais para o gerenciamento de sa\u00fade e seguran\u00e7a ocupacional<\/h6><h6>Dados pessoais para atendimento a \u00f3rg\u00e3os p\u00fablicos \u2013 informa\u00e7\u00f5es fiscais e previdenci\u00e1rias<\/h6><h6>Dados pessoais para o gerenciamento de movimenta\u00e7\u00e3o<\/h6><h6><strong><b>Relacionamento com o fornecedor<\/b><\/strong><\/h6><h6>Dados pessoais para contrata\u00e7\u00e3o<\/h6><h6>Dados pessoais para a realiza\u00e7\u00e3o de pagamento<\/h6><h6>Dados pessoais para visitas na realiza\u00e7\u00e3o de servi\u00e7os<\/h6><h6><strong><b>Relacionamento com visitantes<\/b><\/strong><\/h6><h6>Dados pessoais para realiza\u00e7\u00e3o de visitas (extra fornecedores e servidores p\u00fablicos)<\/h6><h6>Dados pessoais para realiza\u00e7\u00e3o de acesso \u00e0s depend\u00eancias<\/h6><h6><strong><b>Relacionamento com \u00f3rg\u00e3os p\u00fablicos<\/b><\/strong><\/h6><h6>Dados pessoais na realiza\u00e7\u00e3o de avalia\u00e7\u00e3o de ag\u00eancias e \u00f3rg\u00e3os p\u00fablicos<\/h6><h6>Dados pessoais recebidos a partir de documentos de avalia\u00e7\u00e3o e fiscaliza\u00e7\u00e3o.<\/h6><h6>Os dados pessoais s\u00e3o coletados a partir de cada processo espec\u00edfico onde est\u00e3o estabelecidas a forma de coleta e o seu gerenciamento pelo processo cuja responsabilidade \u00e9 do Administrador de Dados conforme indica o dispositivo legal 13.709 de 2019 Lei Geral de Prote\u00e7\u00e3o de Dados\u00a0e que define as formas que estabelecem os consentimentos espec\u00edficos e as atividades visando assegurar a disponibilidade, a integralidade e confidencialidade dos dados dos titulares entregues para processamento.<\/h6><h6>Para todos os dados coletados s\u00e3o estabelecidos consentimentos de acordo com artigo 5\u00ba da Lei 13.709 de 2019 Lei Geral de Prote\u00e7\u00e3o de Dados.<\/h6><h6><strong>Compartilhamento de dados pessoais DP<\/strong><\/h6><h6>Os dados pessoais DP gerados a partir do relacionamento de cada pessoa f\u00edsica com os processos da Cl\u00ednica M\u00e9dica Anaclise LTDA, somente s\u00e3o compartilhados para efeito de realiza\u00e7\u00e3o do servi\u00e7o contratado e para atendimento de dispositivos legais aplic\u00e1veis ao relacionamento.<\/h6><h6><strong>Atendimento de Solicita\u00e7\u00f5es do Titular do Dado Pessoal<\/strong><\/h6><h6>O usu\u00e1rio tem a possibilidade de acesso aos dados pessoais coletados, podendo, em conformidade com o dispositivo do artigo. 11\u00ba II e art. 10 da Lei 13.709\/2019 Lei Geral da Prote\u00e7\u00e3o de Dados executar os seguintes procedimentos no contato direto com a Cl\u00ednica M\u00e9dica Anaclise LTDA.<\/h6><h6>Modifica\u00e7\u00e3o do consentimento (altera\u00e7\u00e3o ou retirada)<\/h6><h6>Destrui\u00e7\u00e3o dos dados armazenados. Processo sujeito a an\u00e1lise pois se houver algum dispositivo legal ou ordem judicial para manuten\u00e7\u00e3o o pedido pode ser negado.<\/h6><h6>As solicita\u00e7\u00f5es de atendimento ser\u00e3o realizadas pelo Canal de ouvidoria da Cl\u00ednica M\u00e9dica Anaclise LTDA, conforme abaixo:<\/h6><h6>Formul\u00e1rio do site anaclise.com.br<\/h6><h6>Telefone da ouvidoria \u2013 (75)3203-1700<\/h6><h6>Email: clinicamedicaanaclise@gmail.com<\/h6><h6>Atendimento presencial no primeiro andar.<\/h6><h6>Para cada solicita\u00e7\u00e3o dever\u00e1 indicar quais as demandas do titular em rela\u00e7\u00e3o ao dado controlado, para atendimento dos Artigos 18\u00a0\u00ba\u00a0e 19\u00ba da Lei 13.709 de 2019 Lei Geral de Prote\u00e7\u00e3o de Dados.<\/h6><h6>Confirma\u00e7\u00e3o da exist\u00eancia do Dado Pessoal DP<\/h6><h6>Acesso ao Dado Pessoal DP<\/h6><h6>Corre\u00e7\u00e3o do Dado Pessoal DP<\/h6><h6>Exclus\u00e3o do Dado Pessoal DP<\/h6><h6>Portabilidade dos dados pessoais a outro fornecedor<\/h6><h6>Anonimiza\u00e7\u00e3o do Dado Pessoal DP<\/h6><h6>Bloqueio do Dado Pessoal DP<\/h6><h6>C\u00f3pia do Dado Pessoal DP<\/h6><h6>N\u00e3o Fornecimento do Consentimento para o tratamento do Dado Pessoal DP<\/h6><h6>Revoga\u00e7\u00e3o do Consentimento para o tratamento do Dado Pessoal DP<\/h6><h6>Altera\u00e7\u00e3o do Consentimento para o tratamento Dado Pessoal DP<\/h6><h6>Informa\u00e7\u00e3o de Compartilhamento do Dado Pessoal DP com \u00f3rg\u00e3os p\u00fablicos<\/h6><h6>N\u00e3o utiliza\u00e7\u00e3o do Dado Pessoal para Marketing e Propaganda<\/h6><h6><strong>Tratamento do Dado Pessoal DP<\/strong><\/h6><h6>O tratamento dos dados pessoais \u00e9 disciplinado internamente no Sistema de Gest\u00e3o da Privacidade da Cl\u00ednica M\u00e9dica Anaclise LTDA \u00e9 realizado pelos processos:<\/h6><h6>Rotula\u00e7\u00e3o de Dados<\/h6><h6>Gerenciamento de Dados Pessoas<\/h6><h6>Relacionamento com o Titular dos Dados Pessoais DP<\/h6><h6>Tratamento de Incidentes de Seguran\u00e7a e Privacidade da Informa\u00e7\u00e3o<\/h6><h6>Os processos contemplam os seguintes aspectos, conforme previsto no artigo 5 Lei 13.709\/2019 Lei Geral da Prote\u00e7\u00e3o de Dados:<\/h6><h6>Identifica\u00e7\u00e3o das Informa\u00e7\u00f5es que cont\u00e9m confidencialidade<\/h6><h6>Defini\u00e7\u00e3o de Responsabilidade e Autoridade &#8211; por informa\u00e7\u00f5es que cont\u00eam necessidade de seguran\u00e7a<\/h6><h6>Definir crit\u00e9rios de import\u00e2ncia das passiveis de seguran\u00e7a<\/h6><h6>Definir os ativos que cont\u00e9m as informa\u00e7\u00f5es passiveis e seguran\u00e7a<\/h6><h6>Identifica\u00e7\u00e3o e sensibilidade dos dados pessoais que ser\u00e3o controlados em rela\u00e7\u00e3o a privacidade<\/h6><h6>Identifica\u00e7\u00e3o da legisla\u00e7\u00e3o aplic\u00e1vel ao gerenciamento dos dados pessoais que ser\u00e3o controlados em rela\u00e7\u00e3o a privacidade<\/h6><h6>Defini\u00e7\u00e3o de Responsabilidade e Autoridade &#8211; por informa\u00e7\u00f5es que cont\u00eam necessidade de seguran\u00e7a<\/h6><h6>Identifica\u00e7\u00e3o da necessidade de emiss\u00e3o de contrato com o titular<\/h6><h6>Defini\u00e7\u00e3o de regras para a coleta de dados pessoais<\/h6><h6>Defini\u00e7\u00e3o de regras para a produ\u00e7\u00e3o de dados pessoais<\/h6><h6>Defini\u00e7\u00e3o de regras para o armazenamento de dados pessoais<\/h6><h6>Defini\u00e7\u00e3o de regras para a reprodu\u00e7\u00e3o dos dados pessoais<\/h6><h6>Defini\u00e7\u00e3o de regras para a processamento dos dados pessoais<\/h6><h6>Definir as regras para o gerenciamento de prazos de guarda e descarte dos documentos que cont\u00e9m as informa\u00e7\u00f5es passiveis e seguran\u00e7a<\/h6><h6>Processamento de Dados Pessoais para o atendimento do pleito do titular do dado pessoal<\/h6><h6>Implanta\u00e7\u00e3o das medidas solicitadas no pleito do titular do dado<\/h6><h6>Retorno do titular do dado pessoal<\/h6><h6><strong><b>Tratamento por Leg\u00edtimo Interesse<\/b><\/strong><\/h6><h6>Em situa\u00e7\u00f5es em que n\u00e3o for poss\u00edvel obter documentar o consentimento, mas que \u00e9 justific\u00e1vel o seu tratamento por finalidades legitimas, por parte do controlador, isto \u00e9 justificado por:<\/h6><h6>Apoio e promo\u00e7\u00e3o de atividades do controlador<\/h6><h6>Prote\u00e7\u00e3o, em rela\u00e7\u00e3o ao titular, do exerc\u00edcio regular de seus direitos ou presta\u00e7\u00e3o de servi\u00e7o que o beneficiem, respeitadas as legitimas expectativas dele e os seus direitos fundamentais, nos termos da lei 13.709\/2018.<\/h6><h6>Nota: No caso do dado pessoal ser\u00e1 coletado por legitimo interesse ser\u00e1 assegurado que somente os dados m\u00ednimos ser\u00e3o coletados.<\/h6><h6>Os dados pessoais coletados por legitimo interesse est\u00e3o submetidos ao controle por parte do sistema de gest\u00e3o e para os quais o titular podem fazer solicita\u00e7\u00f5es conforme esta politica de privacidade.<\/h6><h6><strong>Arquivamento dos Dados\u00a0<\/strong><\/h6><h6>Os dados pessoais coletados, a partir das intera\u00e7\u00f5es com os processos organizacionais da Cl\u00ednica M\u00e9dica Anaclise LTDA, ser\u00e3o arquivados conforme a determina\u00e7\u00e3o das atividades dos pr\u00f3prios processos e mantidos para utiliza\u00e7\u00e3o conforme os prazos estabelecidos pelo sistema de gest\u00e3o da privacidade da informa\u00e7\u00e3o.<\/h6><h6>A guarda dos dados atende ao artigo. 11\u00ba II e art. 10 da Lei 13.709\/2019 Lei Geral da Prote\u00e7\u00e3o de Dados.<\/h6><h6>Poder\u00e3o ser alterados os prazos estabelecidos para a guarda dos dados pessoais DP pelo La por motivo de atendimento a dispositivo legal aplic\u00e1vel.<\/h6><h6>Os dados brutos podem ser mantidos para fins de estat\u00edsticas e outros fins desde que sejam assegurados que os titulares permane\u00e7am an\u00f4nimos.<\/h6><h6><strong>Registro de Incidentes de Privacidade e Seguran\u00e7a da Informa\u00e7\u00e3o\u00a0<\/strong><\/h6><h6>S\u00e3o mantidos processo para o registro e tratamento incidentes das situa\u00e7\u00f5es de seguran\u00e7a e sigilo das informa\u00e7\u00f5es que possa acarretar risco ou dano relevantes aos titulares conforme previsto no artigo 48 da Lei 13.709\/2019 Lei Geral da Prote\u00e7\u00e3o de Dados.<\/h6><h6>O processo contempla as seguintes etapas:<\/h6><h6>Identifica\u00e7\u00e3o do Incidente<\/h6><h6>Registro do Incidente<\/h6><h6>Classifica\u00e7\u00e3o do Incidente<\/h6><h6>Tratamento do Incidente<\/h6><h6>Investiga\u00e7\u00e3o do Incidente<\/h6><h6>Planejamento das a\u00e7\u00f5es<\/h6><h6>Notifica\u00e7\u00e3o a ANPD<\/h6><h6><strong>Comunica\u00e7\u00e3o de Incidentes a ANPD\u00a0<\/strong><\/h6><h6>S\u00e3o mantidos processos para o registro do incidente de privacidade e seguran\u00e7a da informa\u00e7\u00e3o a ANPD conforme estabelecido artigo 48 da Lei 13.709\/2019 Lei Geral da Prote\u00e7\u00e3o de Dados<\/h6><h6><strong>Modifica\u00e7\u00f5es desta Pol\u00edtica de Privacidade<\/strong><\/h6><h6>A pol\u00edtica de privacidade pode ser alterada a qualquer momento em que qualquer aspecto da sua composi\u00e7\u00e3o necessite ser revisto.<\/h6><h6>A nova vers\u00e3o ser\u00e1 publicada no site normalmente. A nova vers\u00e3o da pol\u00edtica da privacidade estar\u00e1 sempre sendo submetida \u00e0 aprova\u00e7\u00e3o do usu\u00e1rio a partir da sua navega\u00e7\u00e3o no site.<\/h6>\t\t\t\t\t\t\t\t<\/div>\n\t\t\t\t<\/div>\n\t\t\t\t\t<\/div>\n\t\t\t\t<\/div>\n\t\t\t\t<\/div>\n\t\t","protected":false},"excerpt":{"rendered":"<p>Laborat\u00f3rio, Cl\u00ednica e Medicina do Trabalho Aperfei\u00e7oar e Fazer Sempre o Melhor. Agende sua consulta aqui Pol\u00edtica de Privacidade Introdu\u00e7\u00e3o Esta pol\u00edtica de privacidade estabelece o modelo de relacionamento entre a Cl\u00ednica M\u00e9dica Anaclise LTDA, situada na Avenida S\u00e3o Jos\u00e9, N\u00ba40 \u2013 Jeremoabo, Bahia com pessoas no momento em que ocorre a capta\u00e7\u00e3o dos dados [&hellip;]<\/p>\n","protected":false},"author":1,"featured_media":0,"parent":0,"menu_order":0,"comment_status":"closed","ping_status":"closed","template":"elementor_header_footer","meta":{"footnotes":""},"class_list":["post-1209","page","type-page","status-publish","hentry"],"_links":{"self":[{"href":"https:\/\/www.anaclise.com.br\/jeremoabo\/wp-json\/wp\/v2\/pages\/1209","targetHints":{"allow":["GET"]}}],"collection":[{"href":"https:\/\/www.anaclise.com.br\/jeremoabo\/wp-json\/wp\/v2\/pages"}],"about":[{"href":"https:\/\/www.anaclise.com.br\/jeremoabo\/wp-json\/wp\/v2\/types\/page"}],"author":[{"embeddable":true,"href":"https:\/\/www.anaclise.com.br\/jeremoabo\/wp-json\/wp\/v2\/users\/1"}],"replies":[{"embeddable":true,"href":"https:\/\/www.anaclise.com.br\/jeremoabo\/wp-json\/wp\/v2\/comments?post=1209"}],"version-history":[{"count":10,"href":"https:\/\/www.anaclise.com.br\/jeremoabo\/wp-json\/wp\/v2\/pages\/1209\/revisions"}],"predecessor-version":[{"id":1343,"href":"https:\/\/www.anaclise.com.br\/jeremoabo\/wp-json\/wp\/v2\/pages\/1209\/revisions\/1343"}],"wp:attachment":[{"href":"https:\/\/www.anaclise.com.br\/jeremoabo\/wp-json\/wp\/v2\/media?parent=1209"}],"curies":[{"name":"wp","href":"https:\/\/api.w.org\/{rel}","templated":true}]}}